{"id":15048,"date":"2023-06-15T09:48:14","date_gmt":"2023-06-15T07:48:14","guid":{"rendered":"https:\/\/www.ciudadrodrigo.es\/ayuntamiento\/?page_id=15048"},"modified":"2025-05-23T14:25:55","modified_gmt":"2025-05-23T12:25:55","slug":"campamento-municipal-urbano-de-verano-2023","status":"publish","type":"page","link":"https:\/\/www.ciudadrodrigo.es\/ayuntamiento\/campamento-municipal-urbano-de-verano-2023\/","title":{"rendered":"CAMPAMENTO MUNICIPAL URBANO DE VERANO 2023"},"content":{"rendered":"<h1><b>PROGRAMA \u201cCAMPAMENTO URBANO DE VERANO 2023\u201d<\/b><\/h1>\n<h2><b>Podr\u00e1n en el programa: Ni\u00f1os\/as a partir de los 4 a\u00f1os de edad hasta los 12 a\u00f1os.<\/b><\/h2>\n<p>El programa tiene como objetivo disfrutar del verano, con un aprendizaje l\u00fadico recreativo.<\/p>\n<p>La <strong><em>tem\u00e1tica escogida para esta actividad<\/em> <\/strong>versa sobre un tema trasversal que es la <span style=\"text-decoration: underline;\">igualdad de oportunidades entre mujeres y hombres<\/span>. Cada d\u00eda se conocer\u00e1 a una mujer \u201cextraordinaria\u201d de la historia, que dar\u00e1 paso a centros de inter\u00e9s diariamente, en aquellos \u00e1mbitos en los que destacaron: Frida Khalo, Marie Curie, Juana\u00a0 de Arco, etc.<\/p>\n<p>Se llevar\u00e1n a cabo juegos organizados: de presentaci\u00f3n, afirmaci\u00f3n, confianza, cooperaci\u00f3n, expresi\u00f3n, comunicaci\u00f3n, juegos de resoluci\u00f3n de conflictos, etc., a trav\u00e9s de talleres de creatividad, de ejercicio f\u00edsico y motor, : manualidades, scape room, pintura al aire libre, gymkanas, juegos tradicionales, juegos gigantes, jumping conmba, yoga y muchos m\u00e1s\u2026<\/p>\n<p>&nbsp;<\/p>\n<h2><b><u>FECHAS DE DESARROLLO.<\/u><\/b><\/h2>\n<p><u>1\u00baEDICION:<\/u>\u00a0del <strong>3 de julio al 14 de julio<\/strong> (ambos d\u00edas incluidos)<\/p>\n<p><u>2\u00ba EDICION<\/u>. Del <strong>17 de julio al 31 de julio<\/strong> (ambos d\u00edas incluidos)<\/p>\n<p><u>3\u00ba EDICI\u00d3N.<\/u>\u00a0Del <strong>1 de agosto al 14 de agosto<\/strong> (ambos d\u00edas incluidos)<\/p>\n<h2><u><b>HORARIO<\/b>:<\/u>\u00a0de 10h. a 14h.<\/h2>\n<h2><span style=\"text-decoration: underline;\">Lugar:<\/span> Parque de La Florida (Ciudad Rodrigo)<\/h2>\n<h2><b><u>PLAZAS DISPONIBLES.<\/u><\/b>:\u00a0<b>50 Plazas por edici\u00f3n.<\/b><\/h2>\n<p>&nbsp;<\/p>\n<h2><b><u>CONDICIONES:<\/u><\/b><\/h2>\n<h3><strong>Plazo de presentaci\u00f3n de la <span style=\"text-decoration: underline;\">inscripci\u00f3n de solicitudes: <\/span>hasta el d\u00eda h\u00e1bil antes al comienzo de cada una de ellas, es decir, la primera edici\u00f3n estar\u00edan abiertas hasta el 29 de junio, la segunda, 13 de julio y la tercera 28 de julio<\/strong><\/h3>\n<p>Las fechas concretas de desarrollo del mismo son, tal y como se ha indicado:<\/p>\n<p><strong><u>1\u00baEDICION:<\/u><\/strong>\u00a0del<strong>\u00a03 de julio al 14 de julio<\/strong>\u00a0(ambos d\u00edas incluidos)<\/p>\n<p><strong><u>2\u00ba EDICION<\/u><\/strong><strong>.\u00a0<\/strong>del\u00a0<strong>17 de julio al 31 de juli<\/strong>o (ambos d\u00edas incluidos)<\/p>\n<p><strong><u>3\u00ba EDICI\u00d3N.<\/u><\/strong>\u00a0del<strong>\u00a01 de agosto al 14 de agosto<\/strong>\u00a0(ambos d\u00edas incluidos)<\/p>\n<p><strong><u>HORARIO<\/u><\/strong><u>:<\/u>\u00a0de 10.00 horas a 14.00 horas.<\/p>\n<p><strong>LUGAR:<\/strong> Parque La Florida<\/p>\n<ol>\n<li>Las solicitudes de inscripci\u00f3n ser\u00e1n admitidas por riguroso orden de entrada, hasta agotar las<strong><strong> plazas disponibles (50 por edici\u00f3n).<\/strong><\/strong>&nbsp;<\/li>\n<li>La duraci\u00f3n de cada edici\u00f3n del programa es de dos semanas (10 d\u00edas laborables).<\/li>\n<li>Las solicitudes de inscripci\u00f3n se realizar\u00e1n <strong><u>EXCLUSIVAMENTE<\/u><\/strong>, a trav\u00e9s de la web municipal: <a href=\"https:\/\/www.ciudadrodrigo.es\/ayuntamiento\/campamento-municipal-urbano-de-verano-2023\/\">ciudadrodrigo.es.<\/a> Durante el plazo de inscripci\u00f3n estar\u00e1 habilitado el acceso a la solicitud de inscripci\u00f3n del campamento de forma visible en la p\u00e1gina principal, para realizar este tr\u00e1mite NO HACE FALTA DISPONER DE CERTIFICADO DIGITAL.<\/li>\n<li>NO se admitir\u00e1 ninguna solicitud de inscripci\u00f3n que se realice por otra v\u00eda (ni telef\u00f3nica, ni en registro presencialmente, ni por sede electr\u00f3nica). Si alguna persona no dispone de medios para poder realizarla, podr\u00e1 acudir a las dependencias municipales donde se les prestar\u00e1 la asistencia necesaria para realizar dicha solicitud a trav\u00e9s la web y realizar el pago.<\/li>\n<li>Se debe tener en cuenta que al realizar la solicitud a trav\u00e9s de la web, varias personas pueden estar haci\u00e9ndolo a la vez, por lo que si no termina el procedimiento, puede quedarse sin plaza. Solo y exclusivamente, en el caso de hermanos\/as, se permite la inscripci\u00f3n a la vez, de hasta 3 ni\u00f1os\/as.<\/li>\n<li>El <strong>precio del programa es de 40,00 \u20ac<\/strong> (edici\u00f3n), que se abonar\u00e1n al realizar la solicitud de inscripci\u00f3n mediante tarjeta bancaria (debe asegurarse de tener tarjeta habilitada para realizar compras por internet). Si no dispone de este medio de pago, puede acudir a las dependencias municipales donde le prestar\u00e1n asistencia para realizar tanto la solicitud como el pago de la misma.<\/li>\n<li>En el caso de que una solicitud de inscripci\u00f3n no se admita por alguna causa: no tener la edad estipulada para participar, realizar inscripci\u00f3n para m\u00e1s de una edici\u00f3n del Campamento u otras, el importe abonado le ser\u00e1 devuelto por el mismo medio en el que fue abonado en un plazo de 4 a 14 d\u00edas.<\/li>\n<li><span style=\"text-decoration: underline;\">Si quedaran plazas vacantes en alguna de las ediciones del campamento, se abrir\u00e1 un nuevo plazo de presentaci\u00f3n de solicitudes para cubrir las plazas vacantes.<\/span><\/li>\n<li><strong>Los listados de admitidos\/as en cada edici\u00f3n del Programa ser\u00e1n publicados en la web municipal y tabl\u00f3n de anuncios a partir del d\u00eda siguiente al de finalizaci\u00f3n de los periodos de inscripci\u00f3n.<\/strong><\/li>\n<li>En caso de renuncia a participar en el Programa por causas justificadas, deber\u00e1 comunicarlo con 5 d\u00edas de antelaci\u00f3n al comienzo de cada edici\u00f3n, y le ser\u00e1 devuelto el importe abonado de la misma manera en el que fue ingresado en un per\u00edodo entre 4 y 14 d\u00edas.<\/li>\n<li>El primer d\u00eda de comienzo de cada edici\u00f3n del programa deber\u00e1n presentar la documentaci\u00f3n m\u00e9dica del menor, en caso de ser necesario.<\/li>\n<li>Deber\u00e1n llevar y recoger a sus hijos\/as en el horario y lugar establecidos<\/li>\n<li>Los ni\u00f1os\/as deben ir vestidos con ropa c\u00f3moda y llevar ropa de recambio, gorra y protecci\u00f3n solar. Es conveniente que lleven un bocadillo y agua.<\/li>\n<li>Deben facilitar en la solicitud de inscripci\u00f3n un n\u00famero de tel\u00e9fono m\u00f3vil donde recibir WhatsApp, al objeto de poder informales de posibles incidencias o necesidades, que puedan surgir durante el desarrollo del programa<\/li>\n<\/ol>\n<p>&nbsp;<\/p>\n<table style=\"width: 100%; border-collapse: collapse;\">\n<tbody>\n<tr>\n<td style=\"width: 33.3333%;\" colspan=\"3\">\n<h2>Solicitud de Inscripci\u00f3n:<\/h2>\n<p>(haz clic en el bot\u00f3n que corresponda)<\/td>\n<\/tr>\n<tr>\n<td style=\"width: 33.3333%;\"><a href=\"https:\/\/entradas.teatronuevo.com\/events\/ahora-si\/sessions\/03-07-2023-00-00-recinto\" target=\"_blank\" rel=\"noopener\"><img loading=\"lazy\" decoding=\"async\" class=\"aligncenter size-full wp-image-15064\" src=\"https:\/\/www.ciudadrodrigo.es\/ayuntamiento\/wp-content\/uploads\/2023\/06\/boton-campa2023-1.jpg\" alt=\"\" width=\"185\" height=\"142\" \/><\/a><\/td>\n<td style=\"width: 33.3333%;\"><a href=\"https:\/\/entradas.teatronuevo.com\/events\/ahora-si\/sessions\/17-07-2023-00-00-recinto\" target=\"_blank\" rel=\"noopener\"><img loading=\"lazy\" decoding=\"async\" class=\"aligncenter size-full wp-image-15065\" src=\"https:\/\/www.ciudadrodrigo.es\/ayuntamiento\/wp-content\/uploads\/2023\/06\/boton-campa2023-2.jpg\" alt=\"\" width=\"185\" height=\"142\" \/><\/a><\/td>\n<td style=\"width: 33.3333%;\"><a href=\"https:\/\/entradas.teatronuevo.com\/events\/ahora-si\/sessions\/01-08-2023-00-00-recinto\" target=\"_blank\" rel=\"noopener\"><img loading=\"lazy\" decoding=\"async\" class=\"aligncenter size-full wp-image-15063\" src=\"https:\/\/www.ciudadrodrigo.es\/ayuntamiento\/wp-content\/uploads\/2023\/06\/boton-campa2023-3.jpg\" alt=\"\" width=\"186\" height=\"142\" \/><\/a><\/td>\n<\/tr>\n<\/tbody>\n<\/table>\n<p>&nbsp;<\/p>\n","protected":false},"excerpt":{"rendered":"<p>PROGRAMA \u201cCAMPAMENTO URBANO DE VERANO 2023\u201d Podr\u00e1n en el programa: Ni\u00f1os\/as a partir de los 4 a\u00f1os de edad hasta los 12 a\u00f1os. El programa tiene como objetivo disfrutar del verano, con un aprendizaje l\u00fadico recreativo. La tem\u00e1tica escogida para esta actividad versa sobre un tema trasversal que es la igualdad de oportunidades entre mujeres [&hellip;]<\/p>\n","protected":false},"author":1,"featured_media":15225,"parent":0,"menu_order":0,"comment_status":"closed","ping_status":"closed","template":"","meta":{"footnotes":""},"class_list":["post-15048","page","type-page","status-publish","has-post-thumbnail","hentry"],"_links":{"self":[{"href":"https:\/\/www.ciudadrodrigo.es\/ayuntamiento\/wp-json\/wp\/v2\/pages\/15048","targetHints":{"allow":["GET"]}}],"collection":[{"href":"https:\/\/www.ciudadrodrigo.es\/ayuntamiento\/wp-json\/wp\/v2\/pages"}],"about":[{"href":"https:\/\/www.ciudadrodrigo.es\/ayuntamiento\/wp-json\/wp\/v2\/types\/page"}],"author":[{"embeddable":true,"href":"https:\/\/www.ciudadrodrigo.es\/ayuntamiento\/wp-json\/wp\/v2\/users\/1"}],"replies":[{"embeddable":true,"href":"https:\/\/www.ciudadrodrigo.es\/ayuntamiento\/wp-json\/wp\/v2\/comments?post=15048"}],"version-history":[{"count":10,"href":"https:\/\/www.ciudadrodrigo.es\/ayuntamiento\/wp-json\/wp\/v2\/pages\/15048\/revisions"}],"predecessor-version":[{"id":19653,"href":"https:\/\/www.ciudadrodrigo.es\/ayuntamiento\/wp-json\/wp\/v2\/pages\/15048\/revisions\/19653"}],"wp:featuredmedia":[{"embeddable":true,"href":"https:\/\/www.ciudadrodrigo.es\/ayuntamiento\/wp-json\/wp\/v2\/media\/15225"}],"wp:attachment":[{"href":"https:\/\/www.ciudadrodrigo.es\/ayuntamiento\/wp-json\/wp\/v2\/media?parent=15048"}],"curies":[{"name":"wp","href":"https:\/\/api.w.org\/{rel}","templated":true}]}}