{"id":15128,"date":"2023-06-20T09:36:12","date_gmt":"2023-06-20T07:36:12","guid":{"rendered":"https:\/\/www.ciudadrodrigo.es\/ayuntamiento\/?page_id=15128"},"modified":"2024-06-03T10:32:55","modified_gmt":"2024-06-03T08:32:55","slug":"grupos-municipales-2023-2027","status":"publish","type":"page","link":"https:\/\/www.ciudadrodrigo.es\/ayuntamiento\/grupos-municipales-2023-2027\/","title":{"rendered":"Grupos Municipales"},"content":{"rendered":"<h3><strong>Grupos Municipales &#8211; Elecciones Junio 2023<\/strong><\/h3>\n<table style=\"height: 107px;\" width=\"894\">\n<tbody>\n<tr>\n<td style=\"width: 100px; text-align: center; vertical-align: middle;\">\n<p><img loading=\"lazy\" decoding=\"async\" class=\"aligncenter wp-image-15092\" src=\"https:\/\/www.ciudadrodrigo.es\/ayuntamiento\/wp-content\/uploads\/2023\/06\/logo_PP_2022-300x202.png\" alt=\"\" width=\"72\" height=\"48\" srcset=\"https:\/\/www.ciudadrodrigo.es\/ayuntamiento\/wp-content\/uploads\/2023\/06\/logo_PP_2022-300x202.png 300w, https:\/\/www.ciudadrodrigo.es\/ayuntamiento\/wp-content\/uploads\/2023\/06\/logo_PP_2022-375x249.png 375w, https:\/\/www.ciudadrodrigo.es\/ayuntamiento\/wp-content\/uploads\/2023\/06\/logo_PP_2022.png 417w\" sizes=\"auto, (max-width: 72px) 100vw, 72px\" \/><\/p>\n<p><strong>P.P.<\/strong><\/td>\n<td style=\"width: 332px;\">\n<p>GRUPO MUNICIPAL POPULAR<\/p>\n<p><a href=\"http:\/\/www.pp.es\" target=\"_blank\" rel=\"noopener noreferrer\">http:\/\/www.pp.es<\/a><\/td>\n<td style=\"width: 466px;\"><em><strong>ALCALDE:<\/strong><\/em>\u00a0D. Marcos Iglesias Caridad<br \/>\n<em><strong>PORTAVOZ<\/strong><\/em>: D. V\u00edctor G\u00f3mez S\u00e1nchez<br \/>\n<em><strong>1\u00aa Portavoz Adjunta:<\/strong><\/em> D\u00aa. Paola Mart\u00edn Mu\u00f1oz.<br \/>\n<em><strong>2\u00aa Portavoz Adjunta:<\/strong><\/em> D\u00aa. M\u00aa. Bel\u00e9n Barco Hern\u00e1ndez<br \/>\n<em><strong>Concejales:<\/strong><\/em><br \/>\nD. Ram\u00f3n Sastre Garc\u00eda<br \/>\nD\u00aa. Vanesa Garc\u00eda Molinero<br \/>\nD. Jos\u00e9 Manuel Jerez Rodr\u00edguez<br \/>\nD. Manuel Jos\u00e9 Montejo Mart\u00edn<br \/>\nD\u00aa. Joana Raquel Veloso Dos Santos<br \/>\nD\u00aa. Ana Mar\u00eda Casta\u00f1o Garc\u00eda<br \/>\nD. Rodrigo Toribio Mart\u00edn<br \/>\nD. Rub\u00e9n Benito Benito<\/td>\n<\/tr>\n<tr>\n<td style=\"text-align: center; vertical-align: middle; width: 100px;\">\n<p><img loading=\"lazy\" decoding=\"async\" class=\"aligncenter wp-image-438\" src=\"http:\/\/www.ciudadrodrigo.es\/ayuntamiento\/wp-content\/uploads\/2017\/03\/logo-psoe-300x300.jpg\" alt=\"logo-psoe\" width=\"44\" height=\"45\" srcset=\"https:\/\/www.ciudadrodrigo.es\/ayuntamiento\/wp-content\/uploads\/2017\/03\/logo-psoe-300x300.jpg 300w, https:\/\/www.ciudadrodrigo.es\/ayuntamiento\/wp-content\/uploads\/2017\/03\/logo-psoe-150x150.jpg 150w, https:\/\/www.ciudadrodrigo.es\/ayuntamiento\/wp-content\/uploads\/2017\/03\/logo-psoe-355x355.jpg 355w, https:\/\/www.ciudadrodrigo.es\/ayuntamiento\/wp-content\/uploads\/2017\/03\/logo-psoe-440x441.jpg 440w, https:\/\/www.ciudadrodrigo.es\/ayuntamiento\/wp-content\/uploads\/2017\/03\/logo-psoe-650x652.jpg 650w, https:\/\/www.ciudadrodrigo.es\/ayuntamiento\/wp-content\/uploads\/2017\/03\/logo-psoe.jpg 735w\" sizes=\"auto, (max-width: 44px) 100vw, 44px\" \/><\/p>\n<p><strong>P.S.O.E.<\/strong><\/td>\n<td style=\"width: 332px;\">\n<p>GRUPO MUNICIPAL SOCIALISTA<\/p>\n<p><a href=\"http:\/\/www.psoeciudadrodrigo.com\" target=\"_blank\" rel=\"noopener noreferrer\"><strong>http:\/\/www.psoeciudadrodrigo.com<\/strong><\/a><\/td>\n<td style=\"width: 466px;\"><em><strong>PORTAVOZ:<\/strong><\/em>\u00a0D. Juan Tom\u00e1s Mu\u00f1oz Garz\u00f3n<br \/>\n<em><strong>Portavoz Adjunto:<\/strong><\/em><br \/>\n<b><i>Concejales:<br \/>\n<\/i><\/b>D\u00aa. M\u00aa del Carmen Lorenzo P\u00e9rez<br \/>\nD. Carlos Fern\u00e1ndez Chanca<br \/>\nD\u00aa. Raquel Enr\u00edquez Vegas.<\/td>\n<\/tr>\n<tr>\n<td style=\"width: 100px;\"><img loading=\"lazy\" decoding=\"async\" class=\"aligncenter wp-image-15093\" src=\"https:\/\/www.ciudadrodrigo.es\/ayuntamiento\/wp-content\/uploads\/2023\/06\/logo-vox-2023-300x143.png\" alt=\"\" width=\"81\" height=\"39\" srcset=\"https:\/\/www.ciudadrodrigo.es\/ayuntamiento\/wp-content\/uploads\/2023\/06\/logo-vox-2023-300x143.png 300w, https:\/\/www.ciudadrodrigo.es\/ayuntamiento\/wp-content\/uploads\/2023\/06\/logo-vox-2023.png 417w\" sizes=\"auto, (max-width: 81px) 100vw, 81px\" \/><\/p>\n<p style=\"text-align: center;\"><strong>VOX\u00a0<\/strong><\/p>\n<\/td>\n<td style=\"width: 332px;\">\n<p>GRUPO MUNICIPAL VOX<\/p>\n<p><strong><a href=\"http:\/\/www.voxespana.es\" target=\"_blank\" rel=\"noopener\">www.voxespana.es<\/a><\/strong><\/td>\n<td style=\"width: 466px;\"><em><strong>PORTAVOZ:<\/strong><\/em> D\u00aa. Patricia Mart\u00edn Miguel.<\/td>\n<\/tr>\n<\/tbody>\n<\/table>\n<p>&nbsp;<\/p>\n","protected":false},"excerpt":{"rendered":"<p>Grupos Municipales &#8211; Elecciones Junio 2023 P.P. GRUPO MUNICIPAL POPULAR http:\/\/www.pp.es ALCALDE:\u00a0D. Marcos Iglesias Caridad PORTAVOZ: D. V\u00edctor G\u00f3mez S\u00e1nchez 1\u00aa Portavoz Adjunta: D\u00aa. Paola Mart\u00edn Mu\u00f1oz. 2\u00aa Portavoz Adjunta: D\u00aa. M\u00aa. Bel\u00e9n Barco Hern\u00e1ndez Concejales: D. Ram\u00f3n Sastre Garc\u00eda D\u00aa. Vanesa Garc\u00eda Molinero D. Jos\u00e9 Manuel Jerez Rodr\u00edguez D. Manuel Jos\u00e9 Montejo Mart\u00edn D\u00aa. [&hellip;]<\/p>\n","protected":false},"author":1,"featured_media":0,"parent":0,"menu_order":0,"comment_status":"closed","ping_status":"closed","template":"","meta":{"footnotes":""},"class_list":["post-15128","page","type-page","status-publish","hentry"],"_links":{"self":[{"href":"https:\/\/www.ciudadrodrigo.es\/ayuntamiento\/wp-json\/wp\/v2\/pages\/15128","targetHints":{"allow":["GET"]}}],"collection":[{"href":"https:\/\/www.ciudadrodrigo.es\/ayuntamiento\/wp-json\/wp\/v2\/pages"}],"about":[{"href":"https:\/\/www.ciudadrodrigo.es\/ayuntamiento\/wp-json\/wp\/v2\/types\/page"}],"author":[{"embeddable":true,"href":"https:\/\/www.ciudadrodrigo.es\/ayuntamiento\/wp-json\/wp\/v2\/users\/1"}],"replies":[{"embeddable":true,"href":"https:\/\/www.ciudadrodrigo.es\/ayuntamiento\/wp-json\/wp\/v2\/comments?post=15128"}],"version-history":[{"count":5,"href":"https:\/\/www.ciudadrodrigo.es\/ayuntamiento\/wp-json\/wp\/v2\/pages\/15128\/revisions"}],"predecessor-version":[{"id":17231,"href":"https:\/\/www.ciudadrodrigo.es\/ayuntamiento\/wp-json\/wp\/v2\/pages\/15128\/revisions\/17231"}],"wp:attachment":[{"href":"https:\/\/www.ciudadrodrigo.es\/ayuntamiento\/wp-json\/wp\/v2\/media?parent=15128"}],"curies":[{"name":"wp","href":"https:\/\/api.w.org\/{rel}","templated":true}]}}