{"id":2385,"date":"2017-05-04T09:21:35","date_gmt":"2017-05-04T09:21:35","guid":{"rendered":"http:\/\/www.ciudadrodrigo.es\/ayuntamiento\/?page_id=2385"},"modified":"2025-10-29T13:44:34","modified_gmt":"2025-10-29T12:44:34","slug":"centro-de-formacion-empresarial-transfronterizo","status":"publish","type":"page","link":"https:\/\/www.ciudadrodrigo.es\/ayuntamiento\/centro-de-formacion-empresarial-transfronterizo\/","title":{"rendered":"Centro de formaci\u00f3n empresarial transfronterizo"},"content":{"rendered":"<p style=\"text-align: justify;\">El Centro de <strong>Formaci\u00f3n Empresarial Transfronterizo<\/strong> constituye una instalaci\u00f3n municipal de usos m\u00faltiples.<\/p>\n<p style=\"text-align: justify;\">En el se desarrollan diversas actividades ligadas al \u00e1rea de <strong>desarrollo local del Ayuntamiento<\/strong>. Desde aqu\u00ed se llevan a cabo la gesti\u00f3n de programas relacionados con el \u00e1mbito del empleo, la formaci\u00f3n, el turismo y la cooperaci\u00f3n transfronteriza, como actuaciones principales.<\/p>\n<p style=\"text-align: justify;\">Las iniciativas en materia de empleo se materializan a trav\u00e9s de la elaboraci\u00f3n y planificaci\u00f3n de <strong>programas mixtos de formaci\u00f3n y empleo<\/strong>, que anualmente pone en marcha el Ayuntamiento. Estos programas alternan la formaci\u00f3n con el desempe\u00f1o de un puesto de trabajo, a trav\u00e9s del cual se realizan actuaciones de inter\u00e9s general para el municipio a la vez que se posibilita una experiencia profesional a un n\u00famero importante de demandantes de empleo.<\/p>\n<p style=\"text-align: justify;\">Desde el centro tambi\u00e9n se llevan a cabo diferentes <strong>programas de formaci\u00f3n profesional<\/strong> para el empleo para lo cual se dispone de aulas dotadas de los medios necesarios para la impartici\u00f3n de los diferentes cursos que anualmente se ofrecen y que en su generalidad est\u00e1n principalmente destinados a desempleados.<\/p>\n<p style=\"text-align: justify;\">En la l\u00ednea de promoci\u00f3n del empleo se lleva a cabo un asesoramiento para emprendedores y se realizan programas dirigidos especialmente a la poblaci\u00f3n escolar, tendentes a propiciar un mayor est\u00edmulo emprendedor y el fomento de una mentalidad m\u00e1s innovadora y creativa en el \u00e1mbito empresarial.<\/p>\n<p style=\"text-align: justify;\">El edificio es tambi\u00e9n la sede de la secretar\u00eda del <strong>Consorcio Transfronterizo de Ciudades Amuralladas<\/strong>, entidad creada para aglutinar los inter\u00e9s comunes a los municipios de <strong>Almeida<\/strong> y de <strong>Ciudad Rodrigo<\/strong>, y desde la cual se ponen en marcha diferentes proyectos de \u00edndole tur\u00edstica, aprovechando las v\u00edas de financiaci\u00f3n procedentes de fondos europeos. Fruto del trabajo desarrollado desde el centro, las actuaciones en materia de cooperaci\u00f3n transfronteriza entre Ciudad Rodrigo y los municipios de Portugal, se ha visto intensificadas, obteni\u00e9ndose logros importantes en la consecuci\u00f3n de diversos proyectos sobre diferentes \u00e1mbitos y posibilitando que la cofinanciaci\u00f3n europea propicie la ejecuci\u00f3n de un importante elenco de acciones conjuntas.<\/p>\n<table style=\"height: 9px;\" width=\"952\">\n<tbody>\n<tr>\n<td style=\"text-align: center;\"><a href=\"http:\/\/ciudadesamuralladas.com\/presentacion.htm\" target=\"_blank\" rel=\"noopener noreferrer\"><img loading=\"lazy\" decoding=\"async\" class=\"aligncenter wp-image-4310 size-full\" src=\"http:\/\/www.ciudadrodrigo.es\/ayuntamiento\/wp-content\/uploads\/2018\/07\/widCiudadesAmuralladas-1.jpg\" alt=\"widciudadesamuralladas\" width=\"350\" height=\"128\" srcset=\"https:\/\/www.ciudadrodrigo.es\/ayuntamiento\/wp-content\/uploads\/2018\/07\/widCiudadesAmuralladas-1.jpg 350w, https:\/\/www.ciudadrodrigo.es\/ayuntamiento\/wp-content\/uploads\/2018\/07\/widCiudadesAmuralladas-1-300x110.jpg 300w\" sizes=\"auto, (max-width: 350px) 100vw, 350px\" \/><\/a><\/td>\n<td style=\"text-align: center;\"><img loading=\"lazy\" decoding=\"async\" class=\"aligncenter wp-image-4304 size-full\" src=\"https:\/\/www.ciudadrodrigo.es\/ayuntamiento\/wp-content\/uploads\/2018\/07\/widFortificarte.jpg\" alt=\"widfortificarte\" width=\"350\" height=\"113\" srcset=\"https:\/\/www.ciudadrodrigo.es\/ayuntamiento\/wp-content\/uploads\/2018\/07\/widFortificarte.jpg 350w, https:\/\/www.ciudadrodrigo.es\/ayuntamiento\/wp-content\/uploads\/2018\/07\/widFortificarte-300x97.jpg 300w\" sizes=\"auto, (max-width: 350px) 100vw, 350px\" \/><\/td>\n<\/tr>\n<\/tbody>\n<\/table>\n<p style=\"text-align: justify;\">Paralelamente el Centro de Formaci\u00f3n Empresarial Transfronterizo acoge igualmente la <strong>Oficina de Informaci\u00f3n al Consumidor (OMIC)<\/strong>. Desde dicha oficina se presta asesoramiento a consumidores y se realiza una mediaci\u00f3n fruto de las reclamaciones presentadas por los mismos. Debido a la diversidad de tareas llevadas a cabo desde el Centro, la atenci\u00f3n al consumidor se centra en los horarios de establecidos y que no obstante pueden variar en funci\u00f3n de las necesidades del servicio.<\/p>\n<p style=\"text-align: justify;\"><strong>Direcci\u00f3n:\u00a0<\/strong>C\/ Florida, 22, 24<br \/>\n<strong>Atenci\u00f3n al p\u00fablico OMIC:<\/strong> mediante <a href=\"https:\/\/ciudadrodrigo.sedelectronica.es\/citaprevia.6\" target=\"_blank\" rel=\"noopener\">cita previa<\/a><br \/>\n<strong>Tel\u00e9fono:<\/strong>\u00a0664 304 819<br \/>\n<strong>E-mail:\u00a0<\/strong><a href=\"mailto:omd.victor@aytociudadrodrigo.es\">omd.victor@aytociudadrodrigo.es<\/a><\/p>\n<h3>POL\u00cdTICA DE CALIDAD:<\/h3>\n\n","protected":false},"excerpt":{"rendered":"<p>El Centro de Formaci\u00f3n Empresarial Transfronterizo constituye una instalaci\u00f3n municipal de usos m\u00faltiples. En el se desarrollan diversas actividades ligadas al \u00e1rea de desarrollo local del Ayuntamiento. Desde aqu\u00ed se llevan a cabo la gesti\u00f3n de programas relacionados con el \u00e1mbito del empleo, la formaci\u00f3n, el turismo y la cooperaci\u00f3n transfronteriza, como actuaciones principales. Las [&hellip;]<\/p>\n","protected":false},"author":1,"featured_media":4656,"parent":0,"menu_order":0,"comment_status":"closed","ping_status":"closed","template":"","meta":{"footnotes":""},"class_list":["post-2385","page","type-page","status-publish","has-post-thumbnail","hentry"],"_links":{"self":[{"href":"https:\/\/www.ciudadrodrigo.es\/ayuntamiento\/wp-json\/wp\/v2\/pages\/2385","targetHints":{"allow":["GET"]}}],"collection":[{"href":"https:\/\/www.ciudadrodrigo.es\/ayuntamiento\/wp-json\/wp\/v2\/pages"}],"about":[{"href":"https:\/\/www.ciudadrodrigo.es\/ayuntamiento\/wp-json\/wp\/v2\/types\/page"}],"author":[{"embeddable":true,"href":"https:\/\/www.ciudadrodrigo.es\/ayuntamiento\/wp-json\/wp\/v2\/users\/1"}],"replies":[{"embeddable":true,"href":"https:\/\/www.ciudadrodrigo.es\/ayuntamiento\/wp-json\/wp\/v2\/comments?post=2385"}],"version-history":[{"count":11,"href":"https:\/\/www.ciudadrodrigo.es\/ayuntamiento\/wp-json\/wp\/v2\/pages\/2385\/revisions"}],"predecessor-version":[{"id":21152,"href":"https:\/\/www.ciudadrodrigo.es\/ayuntamiento\/wp-json\/wp\/v2\/pages\/2385\/revisions\/21152"}],"wp:featuredmedia":[{"embeddable":true,"href":"https:\/\/www.ciudadrodrigo.es\/ayuntamiento\/wp-json\/wp\/v2\/media\/4656"}],"wp:attachment":[{"href":"https:\/\/www.ciudadrodrigo.es\/ayuntamiento\/wp-json\/wp\/v2\/media?parent=2385"}],"curies":[{"name":"wp","href":"https:\/\/api.w.org\/{rel}","templated":true}]}}