{"id":25,"date":"2017-02-05T17:30:04","date_gmt":"2017-02-05T17:30:04","guid":{"rendered":"http:\/\/www.ciudadrodrigo.es\/ayuntamiento\/?page_id=25"},"modified":"2019-06-19T11:33:29","modified_gmt":"2019-06-19T11:33:29","slug":"grupos-municipales-2015-2019","status":"publish","type":"page","link":"https:\/\/www.ciudadrodrigo.es\/ayuntamiento\/grupos-municipales-2015-2019\/","title":{"rendered":"Grupos Municipales 2015-2019"},"content":{"rendered":"<h3><strong>Grupos Municipales &#8211; Elecciones Mayo 2015<\/strong><\/h3>\n<table style=\"height: 107px;\" width=\"894\">\n<tbody>\n<tr>\n<td style=\"text-align: center; vertical-align: middle;\">\n<p><img loading=\"lazy\" decoding=\"async\" class=\"aligncenter wp-image-438\" src=\"http:\/\/www.ciudadrodrigo.es\/ayuntamiento\/wp-content\/uploads\/2017\/03\/logo-psoe-300x300.jpg\" alt=\"logo-psoe\" width=\"44\" height=\"45\" srcset=\"https:\/\/www.ciudadrodrigo.es\/ayuntamiento\/wp-content\/uploads\/2017\/03\/logo-psoe-300x300.jpg 300w, https:\/\/www.ciudadrodrigo.es\/ayuntamiento\/wp-content\/uploads\/2017\/03\/logo-psoe-150x150.jpg 150w, https:\/\/www.ciudadrodrigo.es\/ayuntamiento\/wp-content\/uploads\/2017\/03\/logo-psoe-355x355.jpg 355w, https:\/\/www.ciudadrodrigo.es\/ayuntamiento\/wp-content\/uploads\/2017\/03\/logo-psoe-440x441.jpg 440w, https:\/\/www.ciudadrodrigo.es\/ayuntamiento\/wp-content\/uploads\/2017\/03\/logo-psoe-650x652.jpg 650w, https:\/\/www.ciudadrodrigo.es\/ayuntamiento\/wp-content\/uploads\/2017\/03\/logo-psoe.jpg 735w\" sizes=\"auto, (max-width: 44px) 100vw, 44px\" \/><\/p>\n<p><strong>P.S.O.E.<\/strong><\/td>\n<td>\n<p>GRUPO MUNICIPAL SOCIALISTA<\/p>\n<p><a href=\"http:\/\/www.psoeciudadrodrigo.com\" target=\"_blank\"><strong>http:\/\/www.psoeciudadrodrigo.com<\/strong><\/a><\/td>\n<td><em><strong>ALCALDE:<\/strong><\/em>\u00a0D. Juan Tom\u00e1s Mu\u00f1oz Garz\u00f3n<br \/>\n<em><strong>PORTAVOZ:<\/strong><\/em>\u00a0D. Carlos Fern\u00e1ndez Chanca<br \/>\n<strong><em>1er Portavoz Adjunto:<\/em><\/strong>\u00a0D\u00aa. Azahara Mart\u00edn Gutierrez.<br \/>\n<em><strong>2\u00ba Portavoz Adjunto:<\/strong><\/em>\u00a0D\u00aa. Bego\u00f1a Moro Castro.<\/td>\n<\/tr>\n<tr>\n<td style=\"text-align: center; vertical-align: middle;\">\n<p><img loading=\"lazy\" decoding=\"async\" class=\"aligncenter wp-image-437\" src=\"http:\/\/www.ciudadrodrigo.es\/ayuntamiento\/wp-content\/uploads\/2017\/03\/Logo_IU-300x286.png\" alt=\"logo_iu\" width=\"49\" height=\"46\" \/><\/p>\n<p><strong>I.U.<\/strong><\/td>\n<td>\n<p>GRUPO MUNICIPAL IZQUIERDA UNIDA<\/p>\n<p><a href=\"http:\/\/www.izquierda-unida.es\/\" target=\"_blank\">http:\/\/www.izquierda-unida.es\/<\/a><\/td>\n<td><em><strong>PORTAVOZ:<\/strong><\/em>\u00a0D. Domingo Benito Lucas<br \/>\n<em><strong>1er Portavoz Adjunto:<\/strong><\/em>\u00a0D\u00aa. Alejandra Mendez Merino.<br \/>\n<em><strong>2\u00ba Portavoz Adjunto:<\/strong>\u00a0<\/em>D. Manuel Choya Moreno.<\/td>\n<\/tr>\n<tr>\n<td>\n<p><img loading=\"lazy\" decoding=\"async\" class=\"aligncenter wp-image-436\" src=\"http:\/\/www.ciudadrodrigo.es\/ayuntamiento\/wp-content\/uploads\/2017\/03\/ciudadanos-logo-281x300.jpg\" alt=\"ciudadanos-logo\" width=\"51\" height=\"54\" srcset=\"https:\/\/www.ciudadrodrigo.es\/ayuntamiento\/wp-content\/uploads\/2017\/03\/ciudadanos-logo-281x300.jpg 281w, https:\/\/www.ciudadrodrigo.es\/ayuntamiento\/wp-content\/uploads\/2017\/03\/ciudadanos-logo-959x1024.jpg 959w, https:\/\/www.ciudadrodrigo.es\/ayuntamiento\/wp-content\/uploads\/2017\/03\/ciudadanos-logo-768x820.jpg 768w, https:\/\/www.ciudadrodrigo.es\/ayuntamiento\/wp-content\/uploads\/2017\/03\/ciudadanos-logo-1439x1536.jpg 1439w, https:\/\/www.ciudadrodrigo.es\/ayuntamiento\/wp-content\/uploads\/2017\/03\/ciudadanos-logo-1918x2048.jpg 1918w, https:\/\/www.ciudadrodrigo.es\/ayuntamiento\/wp-content\/uploads\/2017\/03\/ciudadanos-logo-1180x1260.jpg 1180w, https:\/\/www.ciudadrodrigo.es\/ayuntamiento\/wp-content\/uploads\/2017\/03\/ciudadanos-logo-800x854.jpg 800w, https:\/\/www.ciudadrodrigo.es\/ayuntamiento\/wp-content\/uploads\/2017\/03\/ciudadanos-logo-650x694.jpg 650w, https:\/\/www.ciudadrodrigo.es\/ayuntamiento\/wp-content\/uploads\/2017\/03\/ciudadanos-logo-440x470.jpg 440w\" sizes=\"auto, (max-width: 51px) 100vw, 51px\" \/><\/p>\n<p><strong>CIUDADANOS<\/strong><\/td>\n<td>GRUPO MUNICIPAL CIUDADANOS<\/td>\n<td><em><strong>PORTAVOZ:<\/strong><\/em>\u00a0D.\u00a0Joaqu\u00edn Pellicer Valverde.<br \/>\n<em><strong>1er Portavoz Adjunto:<\/strong><\/em>\u00a0D\u00aa. Soraya Mangas Mu\u00f1oz.<br \/>\n<em><strong>2\u00ba Portavoz Adjunto:<\/strong><\/em>\u00a0D. Cristian Gonz\u00e1lez Holgado.<\/td>\n<\/tr>\n<tr>\n<td style=\"text-align: center; vertical-align: middle;\">\n<p><img loading=\"lazy\" decoding=\"async\" class=\"aligncenter wp-image-385\" src=\"http:\/\/www.ciudadrodrigo.es\/ayuntamiento\/wp-content\/uploads\/2017\/03\/logo-pp-nuevo-300x288.png\" alt=\"logo-pp-nuevo\" width=\"44\" height=\"42\" srcset=\"https:\/\/www.ciudadrodrigo.es\/ayuntamiento\/wp-content\/uploads\/2017\/03\/logo-pp-nuevo-300x288.png 300w, https:\/\/www.ciudadrodrigo.es\/ayuntamiento\/wp-content\/uploads\/2017\/03\/logo-pp-nuevo.png 417w\" sizes=\"auto, (max-width: 44px) 100vw, 44px\" \/><\/p>\n<p><strong>P.P.<\/strong><\/td>\n<td>\n<p>GRUPO MUNICIPAL POPULAR<\/p>\n<p><a href=\"http:\/\/www.pp.es\" target=\"_blank\">http:\/\/www.pp.es<\/a><\/td>\n<td><em><strong>PORTAVOZ:<\/strong><\/em>\u00a0D. Marcos Iglesias Caridad.<br \/>\n<em><strong>1er Portavoz Adjunto:<\/strong><\/em>\u00a0D\u00aa. Carolina Paniagua S\u00e1nchez.<br \/>\n<em><strong>2\u00ba Portavoz Adjunto:<\/strong><\/em>\u00a0D. Miguel Matias Rubio Prieto.<br \/>\n<em><strong>Concejales:<\/strong><\/em><br \/>\nD. Jes\u00fas Bienvenido S\u00e1nchez Agudo.<br \/>\nD\u00aa. Beatriz Jorge Carpio.<br \/>\nD. Ram\u00f3n Sastre Garc\u00eda.<br \/>\nD. Jos\u00e9 Manuel Jer\u00e9z Rodr\u00edguez.<\/td>\n<\/tr>\n<\/tbody>\n<\/table>\n<p>&nbsp;<\/p>\n","protected":false},"excerpt":{"rendered":"<p>Grupos Municipales &#8211; Elecciones Mayo 2015 P.S.O.E. GRUPO MUNICIPAL SOCIALISTA http:\/\/www.psoeciudadrodrigo.com ALCALDE:\u00a0D. Juan Tom\u00e1s Mu\u00f1oz Garz\u00f3n PORTAVOZ:\u00a0D. Carlos Fern\u00e1ndez Chanca 1er Portavoz Adjunto:\u00a0D\u00aa. Azahara Mart\u00edn Gutierrez. 2\u00ba Portavoz Adjunto:\u00a0D\u00aa. Bego\u00f1a Moro Castro. I.U. GRUPO MUNICIPAL IZQUIERDA UNIDA http:\/\/www.izquierda-unida.es\/ PORTAVOZ:\u00a0D. Domingo Benito Lucas 1er Portavoz Adjunto:\u00a0D\u00aa. Alejandra Mendez Merino. 2\u00ba Portavoz Adjunto:\u00a0D. Manuel Choya Moreno. CIUDADANOS [&hellip;]<\/p>\n","protected":false},"author":1,"featured_media":0,"parent":0,"menu_order":0,"comment_status":"closed","ping_status":"closed","template":"","meta":{"footnotes":""},"class_list":["post-25","page","type-page","status-publish","hentry"],"_links":{"self":[{"href":"https:\/\/www.ciudadrodrigo.es\/ayuntamiento\/wp-json\/wp\/v2\/pages\/25","targetHints":{"allow":["GET"]}}],"collection":[{"href":"https:\/\/www.ciudadrodrigo.es\/ayuntamiento\/wp-json\/wp\/v2\/pages"}],"about":[{"href":"https:\/\/www.ciudadrodrigo.es\/ayuntamiento\/wp-json\/wp\/v2\/types\/page"}],"author":[{"embeddable":true,"href":"https:\/\/www.ciudadrodrigo.es\/ayuntamiento\/wp-json\/wp\/v2\/users\/1"}],"replies":[{"embeddable":true,"href":"https:\/\/www.ciudadrodrigo.es\/ayuntamiento\/wp-json\/wp\/v2\/comments?post=25"}],"version-history":[{"count":7,"href":"https:\/\/www.ciudadrodrigo.es\/ayuntamiento\/wp-json\/wp\/v2\/pages\/25\/revisions"}],"predecessor-version":[{"id":6442,"href":"https:\/\/www.ciudadrodrigo.es\/ayuntamiento\/wp-json\/wp\/v2\/pages\/25\/revisions\/6442"}],"wp:attachment":[{"href":"https:\/\/www.ciudadrodrigo.es\/ayuntamiento\/wp-json\/wp\/v2\/media?parent=25"}],"curies":[{"name":"wp","href":"https:\/\/api.w.org\/{rel}","templated":true}]}}