{"id":3006,"date":"2018-05-30T09:22:20","date_gmt":"2018-05-30T09:22:20","guid":{"rendered":"http:\/\/www.ciudadrodrigo.es\/ayuntamiento\/?page_id=3006"},"modified":"2019-06-19T11:23:53","modified_gmt":"2019-06-19T11:23:53","slug":"delegaciones-2015-2019","status":"publish","type":"page","link":"https:\/\/www.ciudadrodrigo.es\/ayuntamiento\/delegaciones-2015-2019\/","title":{"rendered":"Delegaciones 2015-2019"},"content":{"rendered":"<table style=\"height: 45px;\" width=\"477\">\n<tbody>\n<tr>\n<td style=\"width: 20px; text-align: left; vertical-align: middle;\"><img loading=\"lazy\" decoding=\"async\" class=\"alignleft size-full wp-image-2584\" src=\"http:\/\/www.ciudadrodrigo.es\/ayuntamiento\/wp-content\/uploads\/2018\/04\/icono-atras.png\" alt=\"icono-atras\" width=\"20\" height=\"12\" \/><\/td>\n<td style=\"text-align: left; vertical-align: middle;\">\u00a0<a href=\"https:\/\/www.ciudadrodrigo.es\/ayuntamiento\/organizacion-municipal\/\">Organizaci\u00f3n municipal<\/a>\u00a0&#8211;&gt; <b>Delegaciones<\/b><\/td>\n<\/tr>\n<\/tbody>\n<\/table>\n<h3><strong>DELEGACIONES DE ALCALD\u00cdA<\/strong><\/h3>\n<table style=\"height: 241px;\" width=\"808\">\n<tbody>\n<tr>\n<td><em><strong>CONCEJAL<\/strong><\/em><\/td>\n<td><em><strong>CARGOS<\/strong><\/em><\/td>\n<\/tr>\n<tr>\n<td>\u00a0D\u00aa. Azahara Mar\u00edn Guti\u00e9rrez<\/td>\n<td>.- Cultura.<br \/>\n.- Patrimonio.<br \/>\n.- Cooperaci\u00f3n Transfronteriza.<br \/>\n.- Promoci\u00f3n e Impulso Tur\u00edstico.<\/td>\n<\/tr>\n<tr>\n<td>\u00a0D. Carlos Fern\u00e1ndez Chanca<\/td>\n<td>.- 3er Teniente de Alcalde.<br \/>\n.- Servicios Sociales.<br \/>\n.- Deportes e Instalaciones Deportivas.<\/td>\n<\/tr>\n<tr>\n<td>\u00a0D\u00aa. Bego\u00f1a Moro Castro<\/td>\n<td>.- Polic\u00eda Local.<br \/>\n.- Movilidad.<br \/>\n.- Pol\u00edticas de igualdad.<br \/>\n.- Formaci\u00f3n y Empleo.<\/td>\n<\/tr>\n<tr>\n<td>\u00a0D. Domingo Benito Lucas<\/td>\n<td>.- 1er Teniente de Alcalde.<br \/>\n.- Administraci\u00f3n General.<br \/>\n.- Relaciones Institucionales.<br \/>\n.- Portavoc\u00eda del Equipo de Gobierno.<br \/>\n.- Participaci\u00f3n Ciudadana, Asociacionismo y Buen Gobierno.<br \/>\n.- Medio Ambiente y Desarrollo Sostenible.<br \/>\n.- Educaci\u00f3n.<br \/>\n.- Pedan\u00edas y agregados.<\/td>\n<\/tr>\n<tr>\n<td>\u00a0D\u00aa. Alejandra M\u00e9ndez Merino<\/td>\n<td>.- Infancia.<br \/>\n.- Juventud.<br \/>\n.- Mayores.<br \/>\n.- Nuevas Tecnolog\u00edas.<\/td>\n<\/tr>\n<tr>\n<td>\u00a0D. Manuel Choya Moreno<\/td>\n<td>.- 4\u00ba Teniente de Alcalde.<br \/>\n.- Econom\u00eda y Hacienda.<br \/>\n.- Consumo.<\/td>\n<\/tr>\n<tr>\n<td>\u00a0D. Joaqu\u00edn Pellicer Valverde<\/td>\n<td>.- 2\u00ba Teniente de Alcalde.<br \/>\n.- Urbanismo.<br \/>\n.- Obras.<br \/>\n.- Instalaciones.<br \/>\n.- Parques, jardines, alamedas.<\/td>\n<\/tr>\n<tr>\n<td>\u00a0D\u00aa. Soraya Mangas Mu\u00f1oz<\/td>\n<td>.- 5\u00ba Teniente de Alcalde.<br \/>\n.- Ferias Tradicionales.<br \/>\n.- Comercio.<br \/>\n.- Mercados.<\/td>\n<\/tr>\n<tr>\n<td>\u00a0D. Critian Gonz\u00e1lez Holgado<\/td>\n<td>.- Festejos.<br \/>\n.- Cementerio.<\/td>\n<\/tr>\n<\/tbody>\n<\/table>\n<p>&nbsp;<\/p>\n","protected":false},"excerpt":{"rendered":"<p>\u00a0Organizaci\u00f3n municipal\u00a0&#8211;&gt; Delegaciones DELEGACIONES DE ALCALD\u00cdA CONCEJAL CARGOS \u00a0D\u00aa. Azahara Mar\u00edn Guti\u00e9rrez .- Cultura. .- Patrimonio. .- Cooperaci\u00f3n Transfronteriza. .- Promoci\u00f3n e Impulso Tur\u00edstico. \u00a0D. Carlos Fern\u00e1ndez Chanca .- 3er Teniente de Alcalde. .- Servicios Sociales. .- Deportes e Instalaciones Deportivas. \u00a0D\u00aa. Bego\u00f1a Moro Castro .- Polic\u00eda Local. .- Movilidad. .- Pol\u00edticas de igualdad. .- [&hellip;]<\/p>\n","protected":false},"author":1,"featured_media":0,"parent":0,"menu_order":0,"comment_status":"closed","ping_status":"closed","template":"","meta":{"footnotes":""},"class_list":["post-3006","page","type-page","status-publish","hentry"],"_links":{"self":[{"href":"https:\/\/www.ciudadrodrigo.es\/ayuntamiento\/wp-json\/wp\/v2\/pages\/3006","targetHints":{"allow":["GET"]}}],"collection":[{"href":"https:\/\/www.ciudadrodrigo.es\/ayuntamiento\/wp-json\/wp\/v2\/pages"}],"about":[{"href":"https:\/\/www.ciudadrodrigo.es\/ayuntamiento\/wp-json\/wp\/v2\/types\/page"}],"author":[{"embeddable":true,"href":"https:\/\/www.ciudadrodrigo.es\/ayuntamiento\/wp-json\/wp\/v2\/users\/1"}],"replies":[{"embeddable":true,"href":"https:\/\/www.ciudadrodrigo.es\/ayuntamiento\/wp-json\/wp\/v2\/comments?post=3006"}],"version-history":[{"count":8,"href":"https:\/\/www.ciudadrodrigo.es\/ayuntamiento\/wp-json\/wp\/v2\/pages\/3006\/revisions"}],"predecessor-version":[{"id":6435,"href":"https:\/\/www.ciudadrodrigo.es\/ayuntamiento\/wp-json\/wp\/v2\/pages\/3006\/revisions\/6435"}],"wp:attachment":[{"href":"https:\/\/www.ciudadrodrigo.es\/ayuntamiento\/wp-json\/wp\/v2\/media?parent=3006"}],"curies":[{"name":"wp","href":"https:\/\/api.w.org\/{rel}","templated":true}]}}