{"id":3010,"date":"2018-05-30T09:23:59","date_gmt":"2018-05-30T09:23:59","guid":{"rendered":"http:\/\/www.ciudadrodrigo.es\/ayuntamiento\/?page_id=3010"},"modified":"2019-06-19T11:24:44","modified_gmt":"2019-06-19T11:24:44","slug":"portavoces-2015-2019","status":"publish","type":"page","link":"https:\/\/www.ciudadrodrigo.es\/ayuntamiento\/portavoces-2015-2019\/","title":{"rendered":"Portavoces 2015-2019"},"content":{"rendered":"<table style=\"height: 45px;\" width=\"477\">\n<tbody>\n<tr>\n<td style=\"width: 20px; text-align: left; vertical-align: middle;\"><img loading=\"lazy\" decoding=\"async\" class=\"alignleft size-full wp-image-2584\" src=\"http:\/\/www.ciudadrodrigo.es\/ayuntamiento\/wp-content\/uploads\/2018\/04\/icono-atras.png\" alt=\"icono-atras\" width=\"20\" height=\"12\" \/><\/td>\n<td style=\"text-align: left; vertical-align: middle;\">\u00a0<a href=\"https:\/\/www.ciudadrodrigo.es\/ayuntamiento\/organizacion-municipal\/\">Organizaci\u00f3n municipal<\/a>\u00a0&#8211;&gt; <b>Portavoces<\/b><\/td>\n<\/tr>\n<\/tbody>\n<\/table>\n<h3><strong>PORTAVOCES<\/strong><\/h3>\n<table style=\"height: 240px;\" width=\"955\">\n<tbody>\n<tr>\n<td><b>DENOMINACI\u00d3N<i> DEL GRUPO<\/i><\/b><\/td>\n<td><b>INTEGRANTES<\/b><\/td>\n<\/tr>\n<tr>\n<td>GRUPO MUNICIPAL SOCIALISTA<\/td>\n<td><em><strong>ALCALDE:<\/strong><\/em> D. Juan Tom\u00e1s Mu\u00f1oz Garz\u00f3n<br \/>\n<em><strong>PORTAVOZ:<\/strong><\/em> D. Carlos Fern\u00e1ndez Chanca<br \/>\n<strong><em>1er Portavoz Adjunto:<\/em><\/strong> D\u00aa. Azahara Mart\u00edn Gutierrez.<br \/>\n<em><strong>2\u00ba Portavoz Adjunto:<\/strong><\/em> D\u00aa. Bego\u00f1a Moro Castro.<\/td>\n<\/tr>\n<tr>\n<td>GRUPO MUNICIPAL<br \/>\nIZQUIERDA UNIDA &#8211; LOS VERDES: EN COM\u00daN<\/td>\n<td><em><strong>PORTAVOZ:<\/strong><\/em> D. Domingo Benito Lucas<br \/>\n<em><strong>1er Portavoz Adjunto:<\/strong><\/em> D\u00aa. Alejandra Mendez Merino.<br \/>\n<em><strong>2\u00ba Portavoz Adjunto:<\/strong> <\/em>D. Manuel Choya Moreno.<\/td>\n<\/tr>\n<tr>\n<td>GRUPO MUNICIPAL CIUDADANOS<\/td>\n<td><em><strong>PORTAVOZ:<\/strong><\/em> D.\u00a0Joaqu\u00edn Pellicer Valverde.<br \/>\n<em><strong>1er Portavoz Adjunto:<\/strong><\/em> D\u00aa. Soraya Mangas Mu\u00f1oz.<br \/>\n<em><strong>2\u00ba Portavoz Adjunto:<\/strong><\/em> D. Cristian Gonz\u00e1lez Holgado.<\/td>\n<\/tr>\n<tr>\n<td>GRUPO MUNICIPAL POPULAR<\/td>\n<td><em><strong>PORTAVOZ:<\/strong><\/em> D. Marcos Iglesias Caridad.<br \/>\n<em><strong>1er Portavoz Adjunto:<\/strong><\/em> D\u00aa. Carolina Paniagua S\u00e1nchez.<br \/>\n<em><strong>2\u00ba Portavoz Adjunto:<\/strong><\/em> D. Miguel Matias Rubio Prieto.<\/td>\n<\/tr>\n<\/tbody>\n<\/table>\n<p>&nbsp;<\/p>\n","protected":false},"excerpt":{"rendered":"<p>\u00a0Organizaci\u00f3n municipal\u00a0&#8211;&gt; Portavoces PORTAVOCES DENOMINACI\u00d3N DEL GRUPO INTEGRANTES GRUPO MUNICIPAL SOCIALISTA ALCALDE: D. Juan Tom\u00e1s Mu\u00f1oz Garz\u00f3n PORTAVOZ: D. Carlos Fern\u00e1ndez Chanca 1er Portavoz Adjunto: D\u00aa. Azahara Mart\u00edn Gutierrez. 2\u00ba Portavoz Adjunto: D\u00aa. Bego\u00f1a Moro Castro. GRUPO MUNICIPAL IZQUIERDA UNIDA &#8211; LOS VERDES: EN COM\u00daN PORTAVOZ: D. Domingo Benito Lucas 1er Portavoz Adjunto: D\u00aa. Alejandra [&hellip;]<\/p>\n","protected":false},"author":1,"featured_media":0,"parent":0,"menu_order":0,"comment_status":"closed","ping_status":"closed","template":"","meta":{"footnotes":""},"class_list":["post-3010","page","type-page","status-publish","hentry"],"_links":{"self":[{"href":"https:\/\/www.ciudadrodrigo.es\/ayuntamiento\/wp-json\/wp\/v2\/pages\/3010","targetHints":{"allow":["GET"]}}],"collection":[{"href":"https:\/\/www.ciudadrodrigo.es\/ayuntamiento\/wp-json\/wp\/v2\/pages"}],"about":[{"href":"https:\/\/www.ciudadrodrigo.es\/ayuntamiento\/wp-json\/wp\/v2\/types\/page"}],"author":[{"embeddable":true,"href":"https:\/\/www.ciudadrodrigo.es\/ayuntamiento\/wp-json\/wp\/v2\/users\/1"}],"replies":[{"embeddable":true,"href":"https:\/\/www.ciudadrodrigo.es\/ayuntamiento\/wp-json\/wp\/v2\/comments?post=3010"}],"version-history":[{"count":8,"href":"https:\/\/www.ciudadrodrigo.es\/ayuntamiento\/wp-json\/wp\/v2\/pages\/3010\/revisions"}],"predecessor-version":[{"id":6436,"href":"https:\/\/www.ciudadrodrigo.es\/ayuntamiento\/wp-json\/wp\/v2\/pages\/3010\/revisions\/6436"}],"wp:attachment":[{"href":"https:\/\/www.ciudadrodrigo.es\/ayuntamiento\/wp-json\/wp\/v2\/media?parent=3010"}],"curies":[{"name":"wp","href":"https:\/\/api.w.org\/{rel}","templated":true}]}}