{"id":3021,"date":"2018-05-30T09:40:58","date_gmt":"2018-05-30T09:40:58","guid":{"rendered":"http:\/\/www.ciudadrodrigo.es\/ayuntamiento\/?page_id=3021"},"modified":"2019-06-19T11:31:59","modified_gmt":"2019-06-19T11:31:59","slug":"organos-colegiados-2015-2019","status":"publish","type":"page","link":"https:\/\/www.ciudadrodrigo.es\/ayuntamiento\/organos-colegiados-2015-2019\/","title":{"rendered":"\u00d3rganos colegiados 2015-2019"},"content":{"rendered":"<table style=\"height: 37px;\" width=\"462\">\n<tbody>\n<tr>\n<td style=\"width: 20px; text-align: left; vertical-align: middle;\"><img loading=\"lazy\" decoding=\"async\" class=\"alignleft size-full wp-image-2584\" src=\"http:\/\/www.ciudadrodrigo.es\/ayuntamiento\/wp-content\/uploads\/2018\/04\/icono-atras.png\" alt=\"icono-atras\" width=\"20\" height=\"12\" \/><\/td>\n<td style=\"text-align: left; vertical-align: middle;\">\u00a0<a href=\"http:\/\/www.ciudadrodrigo.es\/ayuntamiento\/organos-de-gobierno\/\">\u00d3rganos de Gobierno<\/a> &#8211;&gt; <b>\u00d3rganos colegiados.<\/b><\/td>\n<\/tr>\n<\/tbody>\n<\/table>\n<h3>\u00d3RGANOS COLEGIADOS.<\/h3>\n<p><strong>.-\u00a0<span style=\"text-decoration: underline;\">Comisi\u00f3n de Control Plan de Pensiones Empleados del Ayuntamiento<\/span><\/strong>:<br \/>\nD\u00aa Bego\u00f1a Moro Castro.<br \/>\nD\u00aa Soraya Mangas Mu\u00f1oz.<br \/>\nD. Jos\u00e9 Manuel Jerez Rodr\u00edguez.<\/p>\n<p>.-\u00a0<span style=\"text-decoration: underline;\"><strong>Comisi\u00f3n Mixta Ayuntamiento-Direcci\u00f3n Provincial de la Consejer\u00eda de Educaci\u00f3n y Cultura<\/strong><\/span>:<br \/>\nD\u00aa Azahara Mart\u00edn Guti\u00e9rrez<br \/>\nD. Domingo Benito Lucas.<\/p>\n<p>.-\u00a0<span style=\"text-decoration: underline;\"><strong>Mancomunidad Riberas del \u00c1gueda, Yeltes y Agad\u00f3n:<\/strong><\/span><br \/>\nD. Manuel Choya Moreno.<br \/>\nD. Marcos Iglesias Caridad<\/p>\n<p>.-\u00a0<strong><span style=\"text-decoration: underline;\">Junta Local de Seguridad<\/span>:<\/strong>\u00a0(Alcalde, Delegado\/a Polic\u00eda Local, y cuatro portavoces.)<br \/>\nD. Juan Tom\u00e1s Mu\u00f1oz Garz\u00f3n, como Copresidente con el Ilmo. Sr. Subdelegado del Gobierno en Salamanca;<br \/>\nVocales:<br \/>\nD\u00aa Bego\u00f1a Moro Castro, Delegada Polic\u00eda Local<br \/>\nD. Carlos Fern\u00e1ndez Chanca, como Portavoz Grupo M. Socialista<br \/>\nD. Domingo Benito Lucas, como Portavoz Grupo IU<br \/>\nD. Joaqu\u00edn Pellicer Valverde, como Portavoz del Grupo Ciudadanos<br \/>\nD. Marcos Iglesias Caridad, como Portavoz del Grupo Popular.<\/p>\n<p>.-\u00a0<span style=\"text-decoration: underline;\"><strong>Consejo del Patronato Municipal de Deportes<\/strong><\/span>:<br \/>\nD. Carlos Fern\u00e1ndez Chanca, como Presidente<br \/>\nVocales:<br \/>\nD. Miguel Mat\u00edas Rubio Prieto.<br \/>\nD\u00aa Bego\u00f1a Moro Castro<br \/>\nD\u00aa Alejandra M\u00e9ndez Merino.<br \/>\nD. Cristian Gonz\u00e1lez Holgado.<\/p>\n<p><strong>.-\u00a0<span style=\"text-decoration: underline;\">Consejo de Direcci\u00f3n del \u00c1rea de Salud de Salamanca<\/span>:<\/strong><br \/>\nD. Carlos Fern\u00e1ndez Chanca.<\/p>\n<p>.-\u00a0<span style=\"text-decoration: underline;\"><strong>Consejo de Salud de la Zona de Ciudad Rodrigo<\/strong><\/span>:<br \/>\nD. Carlos Fern\u00e1ndez Chanca.<\/p>\n<p>.-\u00a0<span style=\"text-decoration: underline;\"><strong>Consejo de Direcci\u00f3n de Centros P\u00fablicos de Educaci\u00f3n<\/strong><\/span>:<br \/>\nEn el I.E.S. \u00bb Fray Diego Tadeo Gonz\u00e1lez\u201d a D\u00aa Alejandra M\u00e9ndez Merino.<br \/>\nEn el I.E.S. \u201cTierra de Ciudad Rodrigo\u201d, a D\u00aa Carolina Paniagua S\u00e1nchez.<br \/>\nEn el C.P.C. \u00abMir\u00f3briga\u00bb, a D\u00aa Azahara Mart\u00edn Guti\u00e9rrez.<br \/>\nEn el C.P. \u00abSan Francisco\u00bb a D. Domingo Benito Lucas.<br \/>\nEn el C.P. \u00abEl Puente\u00bb, a D. Cristian Gonz\u00e1lez Holgado<br \/>\nEn el CEA \u201cJos\u00e9 Tom\u00e1s de Mazarrasa\u201d, a D. Miguel Mat\u00edas Rubio Prieto.<\/p>\n<p>.-\u00a0<span style=\"text-decoration: underline;\"><strong>Comisi\u00f3n de Escolarizaci\u00f3n de la Direcci\u00f3n P. de Educaci\u00f3n<\/strong><\/span>:<br \/>\nD. Domingo Benito Lucas<\/p>\n<p>.-\u00a0<span style=\"text-decoration: underline;\"><strong>Centro de Estudios Mirobrigenses<\/strong><\/span>:<br \/>\nD\u00aa Azahara Mart\u00edn Guti\u00e9rrez.<\/p>\n<p>.-\u00a0<span style=\"text-decoration: underline;\"><strong>Comit\u00e9 Local Cruz Roja Espa\u00f1ola<\/strong><\/span>:<br \/>\nD. Carlos Fern\u00e1ndez Chanca.<\/p>\n<p>.-\u00a0<span style=\"text-decoration: underline;\"><strong>Fundaci\u00f3n \u201cCiudad Rodrigo\u201d<\/strong><\/span>:<br \/>\nD. Juan Tom\u00e1s Mu\u00f1oz Garz\u00f3n.<br \/>\nD. Domingo Benito Lucas.<br \/>\nD. Marcos Iglesias Caridad.<\/p>\n<p>.-\u00a0<strong><span style=\"text-decoration: underline;\">Ponencia T\u00e9cnica de la Comisi\u00f3n Territorial de Patrimonio Cultural<\/span><\/strong>:<br \/>\nD\u00aa. Mar\u00eda Teresa Cubas P\u00e9rez.<\/p>\n<p>.-\u00a0<span style=\"text-decoration: underline;\"><strong>Asamblea Adecocir<\/strong><\/span>:<br \/>\nD\u00aa Bego\u00f1a Moro Castro.<\/p>\n<p>.-\u00a0<span style=\"text-decoration: underline;\"><strong>Consorcio Transfronterizo de Ciudades Amuralladas<\/strong><\/span>:<br \/>\nD\u00aa Bego\u00f1a Moro Castro.<br \/>\nD. Domingo Benito Lucas.<\/p>\n","protected":false},"excerpt":{"rendered":"<p>\u00a0\u00d3rganos de Gobierno &#8211;&gt; \u00d3rganos colegiados. \u00d3RGANOS COLEGIADOS. .-\u00a0Comisi\u00f3n de Control Plan de Pensiones Empleados del Ayuntamiento: D\u00aa Bego\u00f1a Moro Castro. D\u00aa Soraya Mangas Mu\u00f1oz. D. Jos\u00e9 Manuel Jerez Rodr\u00edguez. .-\u00a0Comisi\u00f3n Mixta Ayuntamiento-Direcci\u00f3n Provincial de la Consejer\u00eda de Educaci\u00f3n y Cultura: D\u00aa Azahara Mart\u00edn Guti\u00e9rrez D. Domingo Benito Lucas. .-\u00a0Mancomunidad Riberas del \u00c1gueda, Yeltes y [&hellip;]<\/p>\n","protected":false},"author":1,"featured_media":0,"parent":0,"menu_order":0,"comment_status":"closed","ping_status":"closed","template":"","meta":{"footnotes":""},"class_list":["post-3021","page","type-page","status-publish","hentry"],"_links":{"self":[{"href":"https:\/\/www.ciudadrodrigo.es\/ayuntamiento\/wp-json\/wp\/v2\/pages\/3021","targetHints":{"allow":["GET"]}}],"collection":[{"href":"https:\/\/www.ciudadrodrigo.es\/ayuntamiento\/wp-json\/wp\/v2\/pages"}],"about":[{"href":"https:\/\/www.ciudadrodrigo.es\/ayuntamiento\/wp-json\/wp\/v2\/types\/page"}],"author":[{"embeddable":true,"href":"https:\/\/www.ciudadrodrigo.es\/ayuntamiento\/wp-json\/wp\/v2\/users\/1"}],"replies":[{"embeddable":true,"href":"https:\/\/www.ciudadrodrigo.es\/ayuntamiento\/wp-json\/wp\/v2\/comments?post=3021"}],"version-history":[{"count":6,"href":"https:\/\/www.ciudadrodrigo.es\/ayuntamiento\/wp-json\/wp\/v2\/pages\/3021\/revisions"}],"predecessor-version":[{"id":15294,"href":"https:\/\/www.ciudadrodrigo.es\/ayuntamiento\/wp-json\/wp\/v2\/pages\/3021\/revisions\/15294"}],"wp:attachment":[{"href":"https:\/\/www.ciudadrodrigo.es\/ayuntamiento\/wp-json\/wp\/v2\/media?parent=3021"}],"curies":[{"name":"wp","href":"https:\/\/api.w.org\/{rel}","templated":true}]}}